{"id":4343,"date":"2019-06-28T09:39:50","date_gmt":"2019-06-28T08:39:50","guid":{"rendered":"https:\/\/aytoanchuelo.com\/?page_id=4343"},"modified":"2019-08-01T21:01:23","modified_gmt":"2019-08-01T20:01:23","slug":"ciudadanos","status":"publish","type":"page","link":"https:\/\/aytoanchuelo.com\/index.php\/ciudadanos\/","title":{"rendered":"Ciudadanos"},"content":{"rendered":"<div class=\"oxi-addons-container oxi-addons-container-2\">\r\n                 <div class=\"oxi-addons-row\"> <div class=\"ctu-ultimate-wrapper-2\">\r\n              <div class=\"ctu-ulimate-style-2\"><div class=\"vc-tabs-li vc-tabs-li-2-id-4\" ref=\"#ctu-ulitate-style-2-id-4\">\r\n                                       El tiempo\r\n                                        <div class=\"ctu-absolute\"><\/div>\r\n                                    <\/div><div class=\"vc-tabs-li vc-tabs-li-2-id-5\" ref=\"#ctu-ulitate-style-2-id-5\">\r\n                                       Impuestos Municipales\r\n                                        <div class=\"ctu-absolute\"><\/div>\r\n                                    <\/div><div class=\"vc-tabs-li vc-tabs-li-2-id-6\" ref=\"#ctu-ulitate-style-2-id-6\">\r\n                                       Farmacia de Guardia\r\n                                        <div class=\"ctu-absolute\"><\/div>\r\n                                    <\/div> <\/div><div class=\"ctu-ultimate-style-2-content\">\r\n                    <div class=\"ctu-ultimate-style-heading-2 vc-tabs-li-2-id-4\" ref=\"#ctu-ulitate-style-2-id-4\"> \r\n                        El tiempo\r\n                    <\/div>\r\n                    <div class=\"ctu-ulitate-style-2-tabs \" id=\"ctu-ulitate-style-2-id-4\">\r\n                        <div id=\"c_24b4dfa12902f16ee8812ce389526cca\" class=\"completo\" style=\"text-align: center;\"><\/div> <p><script type=\"text\/javascript\" src=\"https:\/\/www.eltiempo.es\/widget\/widget_loader\/24b4dfa12902f16ee8812ce389526cca\"><\/script><\/p>\r\n                        \r\n                    <\/div>\r\n                <\/div><div class=\"ctu-ultimate-style-2-content\">\r\n                    <div class=\"ctu-ultimate-style-heading-2 vc-tabs-li-2-id-5\" ref=\"#ctu-ulitate-style-2-id-5\"> \r\n                        Impuestos Municipales\r\n                    <\/div>\r\n                    <div class=\"ctu-ulitate-style-2-tabs \" id=\"ctu-ulitate-style-2-id-5\">\r\n                        <p>Descripci\u00f3n de los Impuestos y Tasas de cobro anual:<\/p> <p>\u2013 Impuesto de Bienes Inmuebles de naturaleza Urbana. Recibo anual.<\/p> <p>\u2013 Impuesto de Bienes Inmuebles de naturaleza R\u00fastica. Recibo anual.<\/p> <p>\u2013 Tasas de recogida de residuos s\u00f3lidos urbanos. Recibo semestral.<\/p> <p>\u2013 Impuesto de Veh\u00edculos de Tracci\u00f3n Mec\u00e1nica. Recibo anual.<\/p> <p>Los impuestos y tasas se cobran por recibo anual. El per\u00edodo de pago en voluntaria, que es de dos meses, se publicar\u00e1 cada a\u00f1o.<\/p> <p>Para evitar olvidos y recargos, en el pago de sus recibos, este Ayuntamiento le recomienda la domiciliaci\u00f3n bancaria de los mismos.<\/p>\r\n                        \r\n                    <\/div>\r\n                <\/div><div class=\"ctu-ultimate-style-2-content\">\r\n                    <div class=\"ctu-ultimate-style-heading-2 vc-tabs-li-2-id-6\" ref=\"#ctu-ulitate-style-2-id-6\"> \r\n                        Farmacia de Guardia\r\n                    <\/div>\r\n                    <div class=\"ctu-ulitate-style-2-tabs \" id=\"ctu-ulitate-style-2-id-6\">\r\n                        <p><span>Mar\u00eda Isabel L\u00f3pez Gutierrez.<\/span><br \/><span>CR ALCALA A PASTRANA, S\/N<\/span><br \/><span>91 884 04 44<\/span><\/p>\r\n                        \r\n                    <\/div>\r\n                <\/div><\/div>   <\/div>\r\n              <\/div>\n","protected":false},"excerpt":{"rendered":"","protected":false},"author":1,"featured_media":0,"parent":0,"menu_order":0,"comment_status":"closed","ping_status":"closed","template":"","meta":{"_coblocks_attr":"","_coblocks_dimensions":"","_coblocks_responsive_height":"","_coblocks_accordion_ie_support":"","footnotes":""},"categories":[],"tags":[],"class_list":["post-4343","page","type-page","status-publish","hentry"],"_links":{"self":[{"href":"https:\/\/aytoanchuelo.com\/index.php\/wp-json\/wp\/v2\/pages\/4343","targetHints":{"allow":["GET"]}}],"collection":[{"href":"https:\/\/aytoanchuelo.com\/index.php\/wp-json\/wp\/v2\/pages"}],"about":[{"href":"https:\/\/aytoanchuelo.com\/index.php\/wp-json\/wp\/v2\/types\/page"}],"author":[{"embeddable":true,"href":"https:\/\/aytoanchuelo.com\/index.php\/wp-json\/wp\/v2\/users\/1"}],"replies":[{"embeddable":true,"href":"https:\/\/aytoanchuelo.com\/index.php\/wp-json\/wp\/v2\/comments?post=4343"}],"version-history":[{"count":4,"href":"https:\/\/aytoanchuelo.com\/index.php\/wp-json\/wp\/v2\/pages\/4343\/revisions"}],"predecessor-version":[{"id":4505,"href":"https:\/\/aytoanchuelo.com\/index.php\/wp-json\/wp\/v2\/pages\/4343\/revisions\/4505"}],"wp:attachment":[{"href":"https:\/\/aytoanchuelo.com\/index.php\/wp-json\/wp\/v2\/media?parent=4343"}],"wp:term":[{"taxonomy":"category","embeddable":true,"href":"https:\/\/aytoanchuelo.com\/index.php\/wp-json\/wp\/v2\/categories?post=4343"},{"taxonomy":"post_tag","embeddable":true,"href":"https:\/\/aytoanchuelo.com\/index.php\/wp-json\/wp\/v2\/tags?post=4343"}],"curies":[{"name":"wp","href":"https:\/\/api.w.org\/{rel}","templated":true}]}}