{"id":4271,"date":"2019-06-25T21:37:03","date_gmt":"2019-06-25T20:37:03","guid":{"rendered":"https:\/\/aytoanchuelo.com\/?page_id=4271"},"modified":"2019-07-13T00:58:58","modified_gmt":"2019-07-12T23:58:58","slug":"alcaldia","status":"publish","type":"page","link":"https:\/\/aytoanchuelo.com\/index.php\/alcaldia\/","title":{"rendered":"Alcald\u00eda"},"content":{"rendered":"\n<div class=\"wp-block-media-text alignfull has-media-on-the-right\" style=\"grid-template-columns:auto 25%\"><figure class=\"wp-block-media-text__media\"><img loading=\"lazy\" decoding=\"async\" width=\"750\" height=\"825\" src=\"https:\/\/aytoanchuelo.com\/wp-content\/uploads\/2019\/06\/WhatsApp-Image-2019-05-04-at-13.28.13.jpeg\" alt=\"\" class=\"wp-image-4272\" srcset=\"https:\/\/aytoanchuelo.com\/wp-content\/uploads\/2019\/06\/WhatsApp-Image-2019-05-04-at-13.28.13.jpeg 750w, https:\/\/aytoanchuelo.com\/wp-content\/uploads\/2019\/06\/WhatsApp-Image-2019-05-04-at-13.28.13-273x300.jpeg 273w\" sizes=\"auto, (max-width: 750px) 100vw, 750px\" \/><\/figure><div class=\"wp-block-media-text__content\">\n<h2 class=\"wp-block-heading\">Saluda del alcalde<\/h2>\n\n\n\n<p>Es para m\u00ed una alegr\u00eda poder\ndirigir unas palabras a todos aquellos que entr\u00e1is en la nueva p\u00e1gina web del\nayuntamiento de Anchuelo.<\/p>\n\n\n\n<p>En una entrevista en la radio\nmanifest\u00e9 que el programa del Partido Popular se pod\u00eda resumir en meter a\nAnchuelo en el siglo XXI. <\/p>\n\n\n\n<p>El siglo XXI es el siglo de las\ncomunicaciones, de la interacci\u00f3n inmediata y en lo que se refiere a los\nayuntamientos de la relaci\u00f3n directa del consistorio con sus vecinos.<\/p>\n\n\n\n<p>La renovaci\u00f3n de p\u00e1gina web va en\nesta l\u00ednea, pero no ser\u00e1 la \u00faltima medida que tomar\u00e1 este consistorio. En\nnuestro programa nos compromet\u00edamos a que los vecinos puedan disfrutar de banda\nancha y desarrollar, si es su intenci\u00f3n, teletrabajos o disfrutar del ocio m\u00e1s\nc\u00f3modamente.<\/p>\n\n\n\n<p>Como alcalde, deseo que esta p\u00e1gina web os resulte de utilidad y la disfrut\u00e9is.<\/p>\n\n\n\n<p style=\"text-align:right\"><em>Javier Doncel Fern\u00e1ndez<\/em><\/p>\n<\/div><\/div>\n\n\n\n<div class=\"wp-block-themeisle-blocks-advanced-columns has-1-columns has-desktop-equal-layout has-tablet-equal-layout has-mobile-equal-layout has-nogap-gap has-vertical-unset\" id=\"wp-block-themeisle-blocks-advanced-columns-0c0bb169\" style=\"border-width:0px;border-style:solid;border-color:#000000;border-radius:0px;justify-content:unset\"><div class=\"wp-themeisle-block-overlay\" style=\"opacity:0.5;mix-blend-mode:normal\"><\/div><div class=\"innerblocks-wrap\">\n<div class=\"wp-block-themeisle-blocks-advanced-column\" id=\"wp-block-themeisle-blocks-advanced-column-d22a4c7e\" style=\"border-width:0px;border-style:solid;border-color:#000000;border-radius:0px\"><\/div>\n<\/div><\/div>\n","protected":false},"excerpt":{"rendered":"<p>Saluda del alcalde Es para m\u00ed una alegr\u00eda poder dirigir unas palabras a todos aquellos que entr\u00e1is en la nueva p\u00e1gina web del ayuntamiento de Anchuelo. En una entrevista en la radio manifest\u00e9 que el programa del Partido Popular se pod\u00eda resumir en meter a Anchuelo en el siglo XXI. [&hellip;]<\/p>\n","protected":false},"author":1,"featured_media":0,"parent":0,"menu_order":0,"comment_status":"closed","ping_status":"closed","template":"","meta":{"_coblocks_attr":"","_coblocks_dimensions":"","_coblocks_responsive_height":"","_coblocks_accordion_ie_support":"","footnotes":""},"categories":[],"tags":[],"class_list":["post-4271","page","type-page","status-publish","hentry"],"_links":{"self":[{"href":"https:\/\/aytoanchuelo.com\/index.php\/wp-json\/wp\/v2\/pages\/4271","targetHints":{"allow":["GET"]}}],"collection":[{"href":"https:\/\/aytoanchuelo.com\/index.php\/wp-json\/wp\/v2\/pages"}],"about":[{"href":"https:\/\/aytoanchuelo.com\/index.php\/wp-json\/wp\/v2\/types\/page"}],"author":[{"embeddable":true,"href":"https:\/\/aytoanchuelo.com\/index.php\/wp-json\/wp\/v2\/users\/1"}],"replies":[{"embeddable":true,"href":"https:\/\/aytoanchuelo.com\/index.php\/wp-json\/wp\/v2\/comments?post=4271"}],"version-history":[{"count":2,"href":"https:\/\/aytoanchuelo.com\/index.php\/wp-json\/wp\/v2\/pages\/4271\/revisions"}],"predecessor-version":[{"id":4456,"href":"https:\/\/aytoanchuelo.com\/index.php\/wp-json\/wp\/v2\/pages\/4271\/revisions\/4456"}],"wp:attachment":[{"href":"https:\/\/aytoanchuelo.com\/index.php\/wp-json\/wp\/v2\/media?parent=4271"}],"wp:term":[{"taxonomy":"category","embeddable":true,"href":"https:\/\/aytoanchuelo.com\/index.php\/wp-json\/wp\/v2\/categories?post=4271"},{"taxonomy":"post_tag","embeddable":true,"href":"https:\/\/aytoanchuelo.com\/index.php\/wp-json\/wp\/v2\/tags?post=4271"}],"curies":[{"name":"wp","href":"https:\/\/api.w.org\/{rel}","templated":true}]}}